{"id":315,"date":"2023-04-05T17:30:24","date_gmt":"2023-04-05T20:30:24","guid":{"rendered":"https:\/\/fridmanlaw.net\/?page_id=315"},"modified":"2026-02-02T16:43:39","modified_gmt":"2026-02-02T19:43:39","slug":"equipo","status":"publish","type":"page","link":"https:\/\/fridmanlaw.net\/es\/equipo\/","title":{"rendered":"Equipo"},"content":{"rendered":"\n<section class=\"wp-block-mkl-section-block\">\n<div class=\"wp-block-columns are-vertically-aligned-center container is-layout-flex wp-container-core-columns-is-layout-9d6595d7 wp-block-columns-is-layout-flex\">\n<div class=\"wp-block-column is-vertically-aligned-center is-layout-flow wp-block-column-is-layout-flow\"><\/div>\n\n\n\n<div class=\"wp-block-column is-vertically-aligned-center is-layout-flow wp-block-column-is-layout-flow\" style=\"flex-basis:60%\">\n<h2 class=\"wp-block-heading has-text-align-center has-text-color\" style=\"color:#574e85;font-size:28px;font-style:normal;font-weight:400\"><strong>Natalia Fridman<\/strong> &#8211; Abogada<\/h2>\n\n\n\n<p>Natalia Fridman es abogada de inmigraci\u00f3n y miembro del Colegio de Abogados del Estado de Nueva York (NYSBA) y de la Asociaci\u00f3n Americana de Abogados de Inmigraci\u00f3n (AILA). Cuenta una Master en Leyes (L.L.M.) en Derecho Comparado en la Facultad de Derecho de la Universidad de Miami, especializado en Derecho Migratorio. Anteriormente, en 2001, Natalia se gradu\u00f3 como abogada con especializaci\u00f3n en derecho internacional en la Universidad de Buenos Aires. Mientras completaba sus estudios adquiri\u00f3 una amplia experiencia realizando pasant\u00edas para Kurzban, Kurzban, Tetzeli &amp; Pratt, P.A. en Miami y MTV Networks en Miami Beach.\u202f<\/p>\n\n\n\n<p>Natalia cuenta con m\u00e1s de 18 a\u00f1os de experiencia representando a individuos extranjeros y corporaciones multinacionales en complejos procesos de inmigraci\u00f3n de negocios y familiares.<\/p>\n\n\n\n<p>Natalia cuenta con una vasta experiencia acumulada con visados de inversores, ayudando a empresas extranjeras de renombre a desembarcar en EE.UU., as\u00ed como a particulares, trabajando con muchos atletas y entrenadores para organizaciones de renombre en los EE.UU.<\/p>\n\n\n\n<p>Especializada en visados de \u00abhabilidades extraordinarias\u00bb para clientes de renombre en los campos de la publicidad, las artes, el atletismo, el entretenimiento y la moda, as\u00ed como en visados de negocios para inversores y clientes corporativos. Ha sido invitada a hablar en conferencias sobre opciones de inmigraci\u00f3n para inversores, personas con habilidades extraordinarias y profesionales.<\/p>\n\n\n\n<p>Natalia habla con fluidez espa\u00f1ol, ingl\u00e9s y alem\u00e1n.<\/p>\n<\/div>\n\n\n\n<div class=\"wp-block-column is-vertically-aligned-center is-layout-flow wp-block-column-is-layout-flow\"><\/div>\n<\/div>\n<\/section>\n\n\n\n<section class=\"wp-block-mkl-section-block\">\n<div style=\"height:45px\" aria-hidden=\"true\" class=\"wp-block-spacer\"><\/div>\n\n\n\n<div class=\"wp-block-columns are-vertically-aligned-top container is-layout-flex wp-container-core-columns-is-layout-9d6595d7 wp-block-columns-is-layout-flex\">\n<div class=\"wp-block-column is-vertically-aligned-top is-layout-flow wp-block-column-is-layout-flow\">\n<h2 class=\"wp-block-heading has-text-align-left has-text-color\" style=\"color:#574e85;font-size:28px\"><strong>Natalie Gaviria &#8211;<\/strong> Abogada<\/h2>\n\n\n\n<p>Natalie Gaviria es abogada de inmigraci\u00f3n y miembro de la Asociaci\u00f3n de Abogados del Estado de Nueva York (NYSBA) y de la Asociaci\u00f3n Americana de Abogados de Inmigraci\u00f3n (AILA). Cuenta con un M\u00e1ster en Leyes, en 2019, de la Universidad Internacional de Florida. Anteriormente, en 2017, se gradu\u00f3 como abogada de la Universidad de Caldas, Colombia. Natalie se especializa en peticiones migratorias basadas en negocios, familia y empleo. Posee una gran experiencia representando clientes ante el Servicio de Ciudadan\u00eda e Inmigraci\u00f3n de los Estados Unidos y otras autoridades gubernamentales. Se especializa en la preparaci\u00f3n de solicitudes de Visas EB1, EB2, EB-3, H-1B, H-1B1, L-1A, L-1B, O-1, P-1, E-2 y J-1.<\/p>\n\n\n\n<p>Aunque Natalie haya nacido en los Estados Unidos, provenir de una familia de inmigrantes y haber sido criada en Colombia, le permite comprender las necesidades y antecedentes de los clientes.<\/p>\n\n\n\n<p>Natalie habla ingl\u00e9s y espa\u00f1ol con fluidez.&nbsp;&nbsp;&nbsp;<\/p>\n<\/div>\n\n\n\n<div class=\"wp-block-column is-vertically-aligned-top is-layout-flow wp-block-column-is-layout-flow\">\n<h2 class=\"wp-block-heading has-text-align-left has-text-color\" style=\"color:#574e85;font-size:28px\"><strong>Florencia Rosenberg &#8211; <\/strong>Asistente Legal<\/h2>\n\n\n\n<p>Florencia Rosenberg es una abogada Argentina. Se gradu\u00f3 de la Universidad de Buenos Aires en 2015. Antes de unirse a Fridman Law, ejerci\u00f3 como abogada en el estudio jur\u00eddico m\u00e1s grande de Argentina, Marval O&#8217;Farrell &amp; Mairal.<\/p>\n\n\n\n<p>Florencia se especializa en todos los aspectos de la inmigraci\u00f3n corporativa y se centra en ayudar a los clientes con las peticiones de Visa de No Inmigrante (E-1, E-2, L-1, P-1, P-2, O-1, etc.) y las solicitudes de residencia permanente (FAMILY BASED, EB1, EB2, PERM, I-140, etc.).<\/p>\n\n\n\n<p>Adicionalmente, Florencia se encarga de realizar investigaciones exhaustivas y preparar expedientes detallados para presentar ante USCIS en apoyo de los clientes del estudio.<\/p>\n\n\n\n<p>Florencia habla espa\u00f1ol e ingl\u00e9s con fluidez.<\/p>\n<\/div>\n<\/div>\n\n\n\n<div style=\"height:45px\" aria-hidden=\"true\" class=\"wp-block-spacer\"><\/div>\n<\/section>\n\n\n\n<section class=\"wp-block-mkl-section-block\" style=\"background-color:#f4f4f4\">\n<div style=\"height:45px\" aria-hidden=\"true\" class=\"wp-block-spacer\"><\/div>\n\n\n\n<div class=\"wp-block-columns are-vertically-aligned-top container fade-up has-background is-layout-flex wp-container-core-columns-is-layout-9d6595d7 wp-block-columns-is-layout-flex\" style=\"background-color:#f4f4f4\">\n<div class=\"wp-block-column is-vertically-aligned-top is-layout-flow wp-block-column-is-layout-flow\">\n<h2 class=\"wp-block-heading has-text-align-left has-text-color\" style=\"color:#574e85;font-size:28px\"><strong>Leandro Avruj &#8211; <\/strong>Asociado Extranjero<\/h2>\n\n\n\n<p>Leandro Avruj es un abogado argentino graduado en 2019 en la Universidad de Buenos Aires, con especializaci\u00f3n en Derecho Societario y Tributario. Anteriormente ha trabajado en el estudio jur\u00eddico m\u00e1s grande de Argentina, Marval O&#8217;Farrell &amp; Mairal, como abogado especializado en los Departamentos de Derecho Tributario y Societario. A su vez, posee una vasta experiencia en Derecho Fintech, debido a su trabajo como Asesor Legal Regional en Pomelo, una de las start-ups m\u00e1s prometedoras de Am\u00e9rica Latina.<\/p>\n\n\n\n<p>Leandro se encuentra a cargo de las Visas de negocios, como la Visa de Inversor (E-2), la Visa de Comercio Exterior (E-1), la Visa de Transferencia Ejecutiva (L-1), as\u00ed como las Visas EB-5, la Visa de Inmigrante para Inversores.<\/p>\n\n\n\n<p>Leandro habla ingl\u00e9s y espa\u00f1ol con fluidez.<\/p>\n<\/div>\n\n\n\n<div class=\"wp-block-column is-vertically-aligned-top is-layout-flow wp-block-column-is-layout-flow\">\n<h2 class=\"wp-block-heading has-text-align-left has-text-color\" style=\"color:#574e85;font-size:28px\"><strong>Victoria Farji &#8211; <\/strong>Abogada<\/h2>\n\n\n\n<p>Victoria Farji es abogada de inmigraci\u00f3n y miembro del Colegio de Abogados del Estado de California (California State Bar Association) y de la Asociaci\u00f3n Americana de Abogados de Inmigraci\u00f3n (AILA). Obtuvo su t\u00edtulo de abogada en la Universidad de Buenos Aires en 2015. Trabaj\u00f3 para una de las tres principales empresas de servicios de consultor\u00eda del pa\u00eds y cuenta con amplia experiencia como abogada corporativa en reconocidos estudios jur\u00eddicos de Argentina. Posee una certificaci\u00f3n internacional como Contract Manager otorgada por IACCM \u2013 The Global Contract Management Association.<\/p>\n\n\n\n<p>Victoria se encuentra a cargo de las Visas de Inversionista (E-2), Intercambio Comercial (E-1) y Trasferencia Ejecutiva (L-1), as\u00ed como de Visas para Habilidades Extraordinarias como las O-1 y EB-1, y la EB2-NIW. <\/p>\n\n\n\n<p>Victoria habla ingl\u00e9s y espa\u00f1ol con fluidez.<\/p>\n<\/div>\n<\/div>\n\n\n\n<div style=\"height:20px\" aria-hidden=\"true\" class=\"wp-block-spacer\"><\/div>\n<\/section>\n\n\n\n<section class=\"wp-block-mkl-section-block\" style=\"background-color:#f4f4f4\">\n<div class=\"wp-block-columns are-vertically-aligned-top container fade-up has-background is-layout-flex wp-container-core-columns-is-layout-9d6595d7 wp-block-columns-is-layout-flex\" style=\"background-color:#f4f4f4\">\n<div class=\"wp-block-column is-vertically-aligned-top is-layout-flow wp-block-column-is-layout-flow\">\n<h2 class=\"wp-block-heading has-text-align-left has-text-color\" style=\"color:#574e85;font-size:28px\"><strong>Federico Miller &#8211;<\/strong> Abogado<\/h2>\n\n\n\n<p>Federico&nbsp;Miller&nbsp;es abogado de inmigraci\u00f3n y miembro del&nbsp;New York State Bar Association&nbsp;(NYSBA) y de la&nbsp;American Immigration Lawyers Association&nbsp;(AILA). Tambi\u00e9n cuenta con licencia para ejercer en Uruguay. Obtuvo un LL.M. con especializaci\u00f3n en&nbsp;Corporate Law&nbsp;en la UCLA School of Law en 2023, y se gradu\u00f3&nbsp;cum laude&nbsp;como abogado en la Universidad de Montevideo&nbsp;en 2020. Antes de incorporarse a Fridman Law,&nbsp;Federico trabaj\u00f3 en una firma de inmigraci\u00f3n en Texas, donde represent\u00f3 a clientes ante USCIS y cortes de inmigraci\u00f3n, manejando casos familiares, humanitarios y laborales. Previamente, trabaj\u00f3 en Ernst &amp; Young Uruguay, en el \u00e1rea de&nbsp;International Tax and Transactional Services, asesorando a empresas multinacionales en sus operaciones en Uruguay.&nbsp;Federico comprende profundamente los desaf\u00edos que enfrentan los inmigrantes y se compromete a guiarlos con profesionalismo, empat\u00eda y claridad en cada etapa del proceso.&nbsp;<\/p>\n\n\n\n<p>Federico habla ingl\u00e9s y espa\u00f1ol con fluidez.&nbsp;<\/p>\n<\/div>\n\n\n\n<div class=\"wp-block-column is-vertically-aligned-top is-layout-flow wp-block-column-is-layout-flow\">\n<h2 class=\"wp-block-heading has-text-align-left has-text-color\" style=\"color:#574e85;font-size:28px\"><strong>Sebastian Filipich<\/strong> \u2013 Asociado Extranjero<\/h2>\n\n\n\n<p>Sebasti\u00e1n Filipich es un abogado argentino graduado en la Universidad Cat\u00f3lica Argentina (UCA) en el a\u00f1o 2019.<\/p>\n\n\n\n<p>Antes de unirse a Fridman Law, Sebasti\u00e1n trabaj\u00f3 durante muchos a\u00f1os en la firma de abogados m\u00e1s grande de Argentina, Marval O&#8217;Farrell &amp; Mairal.<\/p>\n\n\n\n<p>Sebasti\u00e1n obtuvo una certificaci\u00f3n de posgrado en Corporaciones y Contratos y posteriormente complet\u00f3 un MBA en la Universidad de St. Thomas en Miami.<\/p>\n\n\n\n<p>Sebasti\u00e1n se especializa en procedimientos de habilidades extraordinarias, como la Visa O-1 y la Green Card EB-1.<\/p>\n\n\n\n<p>Sebasti\u00e1n habla espa\u00f1ol, ingl\u00e9s e italiano con fluidez.<\/p>\n<\/div>\n<\/div>\n\n\n\n<div style=\"height:20px\" aria-hidden=\"true\" class=\"wp-block-spacer\"><\/div>\n<\/section>\n\n\n\n<section class=\"wp-block-mkl-section-block\" style=\"background-color:#f4f4f4\">\n<div class=\"wp-block-columns are-vertically-aligned-top container fade-up has-background is-layout-flex wp-container-core-columns-is-layout-9d6595d7 wp-block-columns-is-layout-flex\" style=\"background-color:#f4f4f4\">\n<div class=\"wp-block-column is-vertically-aligned-top is-layout-flow wp-block-column-is-layout-flow\">\n<h2 class=\"wp-block-heading has-text-align-left has-text-color\" style=\"color:#574e85;font-size:28px\"><strong>Juan Pedro Cabo &#8211; <\/strong>Asociado Extranjero<\/h2>\n\n\n\n<p>Juan Pedro Cabo es un abogado argentino graduado en 2018 en la Universidad de Buenos Aires. Actualmente est\u00e1 cursando un M\u00e1ster en Derecho y Econom\u00eda en la Universidad Torcuato Di Tella, de Argentina, y estudi\u00f3 en la Universit\u00e0 degli Studi di Roma \u00abTor Vergata\u00bb, de Italia.<br>Anteriormente trabaj\u00f3 en el estudio jur\u00eddico m\u00e1s grande de Argentina, Marval O&#8217;Farrell &amp; Mairal, como abogado especializado en los Departamentos Fiscal y Societario. M\u00e1s tarde, trabaj\u00f3 como jefe del departamento de Legales en Mudafy, una start-up tecnol\u00f3gica con operaciones en M\u00e9xico y Argentina. Posee una amplia experiencia en negocios internacionales, impuestos, derecho corporativo, operaciones, y start-ups.<br>Trabaja con Visas de negocios, tales como la Visa de Inversor (E-2), la Visa de Comercio Exterior (E-1), as\u00ed como la Visa de Traslado de Ejecutivos (L-1).<\/p>\n\n\n\n<p>Juan Pedro habla ingl\u00e9s y espa\u00f1ol con fluidez.<\/p>\n<\/div>\n\n\n\n<div class=\"wp-block-column is-vertically-aligned-top is-layout-flow wp-block-column-is-layout-flow\">\n<h2 class=\"wp-block-heading has-text-align-left has-text-color\" style=\"color:#574e85;font-size:28px\"><strong>Martina Laurenzi<\/strong> &#8211; Asociada Extranjera<\/h2>\n\n\n\n<p class=\"has-text-align-left\">Martina Laurenzi es una abogada argentina, graduada en 2022 en la Universidad de Buenos Aires.<\/p>\n\n\n\n<p>Recientemente complet\u00f3 un M\u00e1ster en Estudios Internacionales en la Universidad Torcuato Di Tella, con la tesis a\u00fan pendiente. Tambi\u00e9n cuenta con una certificaci\u00f3n en \u00c9tica y Cumplimiento de la Universidad del CEMA.<\/p>\n\n\n\n<p>Martina ha trabajado en Subias &amp; Asociados (derecho penal), en el Instituto Nacional de la Propiedad Industrial (INPI) en administraci\u00f3n de patentes, y en la Fiscal\u00eda Federal N\u00b0 11 de Buenos Aires. Tiene experiencia en asuntos internacionales, derecho internacional p\u00fablico, compliance, derecho penal y propiedad industrial.<\/p>\n\n\n\n<p>Se especializa en tr\u00e1mites migratorios para personas con habilidades extraordinarias, incluyendo Visas O-1 y Green Cards EB-1.<\/p>\n\n\n\n<p>Martina habla ingl\u00e9s, espa\u00f1ol e italiano con fluidez.<\/p>\n<\/div>\n<\/div>\n\n\n\n<div style=\"height:20px\" aria-hidden=\"true\" class=\"wp-block-spacer\"><\/div>\n<\/section>\n\n\n\n<section class=\"wp-block-mkl-section-block\" style=\"background-color:#f4f4f4\">\n<div class=\"wp-block-columns are-vertically-aligned-top container fade-up has-background is-layout-flex wp-container-core-columns-is-layout-9d6595d7 wp-block-columns-is-layout-flex\" style=\"background-color:#f4f4f4\">\n<div class=\"wp-block-column is-vertically-aligned-top is-layout-flow wp-block-column-is-layout-flow\">\n<h2 class=\"wp-block-heading has-text-align-left has-text-color\" style=\"color:#574e85;font-size:28px\"><strong>Eloisa Romero <\/strong>&#8211; Paralegal<\/h2>\n\n\n\n<p class=\"has-text-align-left\">Eloisa Romero es responsable del funcionamiento diario y de la gesti\u00f3n de la oficina. Proporciona liderazgo administrativo y act\u00faa como enlace entre la oficina y la direcci\u00f3n del estudio. Cuenta con m\u00e1s de 9 a\u00f1os de experiencia profesional en la administraci\u00f3n de estudios jur\u00eddicos, y peticiones de Visas basadas en empleo y familia. Su experiencia incluye la preparaci\u00f3n de solicitudes de I-539, I-765, I-131, I-90, I-485, EB3\/I-140, I-751, I-824, N-400, I-864, I-944, I-129, formularios N-600 y Procesamiento Consular. <\/p>\n\n\n\n<p class=\"has-text-align-left\">Eloisa habla espa\u00f1ol e ingl\u00e9s con fluidez.<\/p>\n<\/div>\n\n\n\n<div class=\"wp-block-column is-vertically-aligned-top is-layout-flow wp-block-column-is-layout-flow\">\n<h2 class=\"wp-block-heading has-text-align-left has-text-color\" style=\"color:#574e85;font-size:28px\"><strong>Ashley Lanzas<\/strong> &#8211; Asistente<\/h2>\n\n\n\n<p>Ashley Lanzas se encuentra a cargo de las tareas de recepci\u00f3n y de las operaciones diarias, incluyendo la recepci\u00f3n de clientes, la coordinaci\u00f3n de citas, el env\u00edo de casos, el mantenimiento del inventario de material de oficina y el apoyo a los abogados y asistentes jur\u00eddicos, seg\u00fan sea necesario. Cuenta con m\u00e1s de 5 a\u00f1os de experiencia en trabajo administrativo.<\/p>\n\n\n\n<p class=\"has-text-align-left\">Ashley habla ingl\u00e9s y espa\u00f1ol con fluidez.<\/p>\n<\/div>\n<\/div>\n\n\n\n<div style=\"height:20px\" aria-hidden=\"true\" class=\"wp-block-spacer\"><\/div>\n<\/section>\n\n\n\n<section class=\"wp-block-mkl-section-block\" style=\"background-color:#f4f4f4\">\n<div class=\"wp-block-columns are-vertically-aligned-top container fade-up has-background is-layout-flex wp-container-core-columns-is-layout-9d6595d7 wp-block-columns-is-layout-flex\" style=\"background-color:#f4f4f4\">\n<div class=\"wp-block-column is-vertically-aligned-top is-layout-flow wp-block-column-is-layout-flow\">\n<h2 class=\"wp-block-heading has-text-align-left has-text-color\" style=\"color:#574e85;font-size:28px\"><strong>Franco Vaisman &#8211;<\/strong> Asistente Administrativo<\/h2>\n\n\n\n<p>Franco Vaisman es responsable de supervisar la gesti\u00f3n diaria de pagos y contratos. Cuenta con m\u00e1s de 7 a\u00f1os de experiencia en tareas administrativas, incluyendo el control de facturas, el mantenimiento de registros financieros y la organizaci\u00f3n de documentos. Adicionalmente, apoya a los abogados en la comunicaci\u00f3n cotidiana con los clientes.<\/p>\n\n\n\n<p class=\"has-text-align-left\">Franco habla ingl\u00e9s y espa\u00f1ol con fluidez.<\/p>\n<\/div>\n\n\n\n<div class=\"wp-block-column is-vertically-aligned-top is-layout-flow wp-block-column-is-layout-flow\">\n<h2 class=\"wp-block-heading has-text-align-left has-text-color\" style=\"color:#574e85;font-size:28px\"><\/h2>\n\n\n\n<p><\/p>\n\n\n\n<p class=\"has-text-align-left\"><\/p>\n<\/div>\n<\/div>\n\n\n\n<div style=\"height:20px\" aria-hidden=\"true\" class=\"wp-block-spacer\"><\/div>\n<\/section>\n","protected":false},"excerpt":{"rendered":"","protected":false},"author":1,"featured_media":169,"parent":0,"menu_order":0,"comment_status":"closed","ping_status":"closed","template":"","meta":{"_acf_changed":false,"footnotes":""},"class_list":["post-315","page","type-page","status-publish","has-post-thumbnail","hentry"],"acf":[],"yoast_head":"<!-- This site is optimized with the Yoast SEO plugin v24.4 - https:\/\/yoast.com\/wordpress\/plugins\/seo\/ -->\n<title>Equipo | Fridman<\/title>\n<meta name=\"robots\" content=\"index, follow, max-snippet:-1, max-image-preview:large, max-video-preview:-1\" \/>\n<link rel=\"canonical\" href=\"https:\/\/fridmanlaw.net\/es\/equipo\/\" \/>\n<meta property=\"og:locale\" content=\"es_ES\" \/>\n<meta property=\"og:type\" content=\"article\" \/>\n<meta property=\"og:title\" content=\"Equipo | Fridman\" \/>\n<meta property=\"og:url\" content=\"https:\/\/fridmanlaw.net\/es\/equipo\/\" \/>\n<meta property=\"og:site_name\" content=\"Fridman\" \/>\n<meta property=\"article:publisher\" content=\"https:\/\/www.facebook.com\/profile.php?id=100068585075258\" \/>\n<meta property=\"article:modified_time\" content=\"2026-02-02T19:43:39+00:00\" \/>\n<meta property=\"og:image\" content=\"https:\/\/fridmanlaw.net\/wp-content\/uploads\/2023\/04\/TeamHeaderW.webp\" \/>\n\t<meta property=\"og:image:width\" content=\"1920\" \/>\n\t<meta property=\"og:image:height\" content=\"480\" \/>\n\t<meta property=\"og:image:type\" content=\"image\/webp\" \/>\n<meta name=\"twitter:card\" content=\"summary_large_image\" \/>\n<meta name=\"twitter:label1\" content=\"Tiempo de lectura\" \/>\n\t<meta name=\"twitter:data1\" content=\"7 minutos\" \/>\n<script type=\"application\/ld+json\" class=\"yoast-schema-graph\">{\"@context\":\"https:\/\/schema.org\",\"@graph\":[{\"@type\":\"WebPage\",\"@id\":\"https:\/\/fridmanlaw.net\/es\/equipo\/\",\"url\":\"https:\/\/fridmanlaw.net\/es\/equipo\/\",\"name\":\"Equipo | Fridman\",\"isPartOf\":{\"@id\":\"https:\/\/fridmanlaw.net\/es\/#website\"},\"primaryImageOfPage\":{\"@id\":\"https:\/\/fridmanlaw.net\/es\/equipo\/#primaryimage\"},\"image\":{\"@id\":\"https:\/\/fridmanlaw.net\/es\/equipo\/#primaryimage\"},\"thumbnailUrl\":\"https:\/\/fridmanlaw.net\/wp-content\/uploads\/2023\/04\/TeamHeaderW.webp\",\"datePublished\":\"2023-04-05T20:30:24+00:00\",\"dateModified\":\"2026-02-02T19:43:39+00:00\",\"breadcrumb\":{\"@id\":\"https:\/\/fridmanlaw.net\/es\/equipo\/#breadcrumb\"},\"inLanguage\":\"es\",\"potentialAction\":[{\"@type\":\"ReadAction\",\"target\":[\"https:\/\/fridmanlaw.net\/es\/equipo\/\"]}]},{\"@type\":\"ImageObject\",\"inLanguage\":\"es\",\"@id\":\"https:\/\/fridmanlaw.net\/es\/equipo\/#primaryimage\",\"url\":\"https:\/\/fridmanlaw.net\/wp-content\/uploads\/2023\/04\/TeamHeaderW.webp\",\"contentUrl\":\"https:\/\/fridmanlaw.net\/wp-content\/uploads\/2023\/04\/TeamHeaderW.webp\",\"width\":1920,\"height\":480},{\"@type\":\"BreadcrumbList\",\"@id\":\"https:\/\/fridmanlaw.net\/es\/equipo\/#breadcrumb\",\"itemListElement\":[{\"@type\":\"ListItem\",\"position\":1,\"name\":\"Home\",\"item\":\"https:\/\/fridmanlaw.net\/es\/\"},{\"@type\":\"ListItem\",\"position\":2,\"name\":\"Equipo\"}]},{\"@type\":\"WebSite\",\"@id\":\"https:\/\/fridmanlaw.net\/es\/#website\",\"url\":\"https:\/\/fridmanlaw.net\/es\/\",\"name\":\"Fridman Law\",\"description\":\"Immigration Law\",\"publisher\":{\"@id\":\"https:\/\/fridmanlaw.net\/es\/#organization\"},\"potentialAction\":[{\"@type\":\"SearchAction\",\"target\":{\"@type\":\"EntryPoint\",\"urlTemplate\":\"https:\/\/fridmanlaw.net\/es\/?s={search_term_string}\"},\"query-input\":{\"@type\":\"PropertyValueSpecification\",\"valueRequired\":true,\"valueName\":\"search_term_string\"}}],\"inLanguage\":\"es\"},{\"@type\":\"Organization\",\"@id\":\"https:\/\/fridmanlaw.net\/es\/#organization\",\"name\":\"Fridman Law\",\"url\":\"https:\/\/fridmanlaw.net\/es\/\",\"logo\":{\"@type\":\"ImageObject\",\"inLanguage\":\"es\",\"@id\":\"https:\/\/fridmanlaw.net\/es\/#\/schema\/logo\/image\/\",\"url\":\"https:\/\/fridmanlaw.net\/wp-content\/uploads\/2023\/04\/slider1w.webp\",\"contentUrl\":\"https:\/\/fridmanlaw.net\/wp-content\/uploads\/2023\/04\/slider1w.webp\",\"width\":1529,\"height\":700,\"caption\":\"Fridman Law\"},\"image\":{\"@id\":\"https:\/\/fridmanlaw.net\/es\/#\/schema\/logo\/image\/\"},\"sameAs\":[\"https:\/\/www.facebook.com\/profile.php?id=100068585075258\",\"https:\/\/www.instagram.com\/fridmanimmigrationlaw\/\"]}]}<\/script>\n<!-- \/ Yoast SEO plugin. -->","yoast_head_json":{"title":"Equipo | Fridman","robots":{"index":"index","follow":"follow","max-snippet":"max-snippet:-1","max-image-preview":"max-image-preview:large","max-video-preview":"max-video-preview:-1"},"canonical":"https:\/\/fridmanlaw.net\/es\/equipo\/","og_locale":"es_ES","og_type":"article","og_title":"Equipo | Fridman","og_url":"https:\/\/fridmanlaw.net\/es\/equipo\/","og_site_name":"Fridman","article_publisher":"https:\/\/www.facebook.com\/profile.php?id=100068585075258","article_modified_time":"2026-02-02T19:43:39+00:00","og_image":[{"width":1920,"height":480,"url":"https:\/\/fridmanlaw.net\/wp-content\/uploads\/2023\/04\/TeamHeaderW.webp","type":"image\/webp"}],"twitter_card":"summary_large_image","twitter_misc":{"Tiempo de lectura":"7 minutos"},"schema":{"@context":"https:\/\/schema.org","@graph":[{"@type":"WebPage","@id":"https:\/\/fridmanlaw.net\/es\/equipo\/","url":"https:\/\/fridmanlaw.net\/es\/equipo\/","name":"Equipo | Fridman","isPartOf":{"@id":"https:\/\/fridmanlaw.net\/es\/#website"},"primaryImageOfPage":{"@id":"https:\/\/fridmanlaw.net\/es\/equipo\/#primaryimage"},"image":{"@id":"https:\/\/fridmanlaw.net\/es\/equipo\/#primaryimage"},"thumbnailUrl":"https:\/\/fridmanlaw.net\/wp-content\/uploads\/2023\/04\/TeamHeaderW.webp","datePublished":"2023-04-05T20:30:24+00:00","dateModified":"2026-02-02T19:43:39+00:00","breadcrumb":{"@id":"https:\/\/fridmanlaw.net\/es\/equipo\/#breadcrumb"},"inLanguage":"es","potentialAction":[{"@type":"ReadAction","target":["https:\/\/fridmanlaw.net\/es\/equipo\/"]}]},{"@type":"ImageObject","inLanguage":"es","@id":"https:\/\/fridmanlaw.net\/es\/equipo\/#primaryimage","url":"https:\/\/fridmanlaw.net\/wp-content\/uploads\/2023\/04\/TeamHeaderW.webp","contentUrl":"https:\/\/fridmanlaw.net\/wp-content\/uploads\/2023\/04\/TeamHeaderW.webp","width":1920,"height":480},{"@type":"BreadcrumbList","@id":"https:\/\/fridmanlaw.net\/es\/equipo\/#breadcrumb","itemListElement":[{"@type":"ListItem","position":1,"name":"Home","item":"https:\/\/fridmanlaw.net\/es\/"},{"@type":"ListItem","position":2,"name":"Equipo"}]},{"@type":"WebSite","@id":"https:\/\/fridmanlaw.net\/es\/#website","url":"https:\/\/fridmanlaw.net\/es\/","name":"Fridman Law","description":"Immigration Law","publisher":{"@id":"https:\/\/fridmanlaw.net\/es\/#organization"},"potentialAction":[{"@type":"SearchAction","target":{"@type":"EntryPoint","urlTemplate":"https:\/\/fridmanlaw.net\/es\/?s={search_term_string}"},"query-input":{"@type":"PropertyValueSpecification","valueRequired":true,"valueName":"search_term_string"}}],"inLanguage":"es"},{"@type":"Organization","@id":"https:\/\/fridmanlaw.net\/es\/#organization","name":"Fridman Law","url":"https:\/\/fridmanlaw.net\/es\/","logo":{"@type":"ImageObject","inLanguage":"es","@id":"https:\/\/fridmanlaw.net\/es\/#\/schema\/logo\/image\/","url":"https:\/\/fridmanlaw.net\/wp-content\/uploads\/2023\/04\/slider1w.webp","contentUrl":"https:\/\/fridmanlaw.net\/wp-content\/uploads\/2023\/04\/slider1w.webp","width":1529,"height":700,"caption":"Fridman Law"},"image":{"@id":"https:\/\/fridmanlaw.net\/es\/#\/schema\/logo\/image\/"},"sameAs":["https:\/\/www.facebook.com\/profile.php?id=100068585075258","https:\/\/www.instagram.com\/fridmanimmigrationlaw\/"]}]}},"_links":{"self":[{"href":"https:\/\/fridmanlaw.net\/es\/wp-json\/wp\/v2\/pages\/315","targetHints":{"allow":["GET"]}}],"collection":[{"href":"https:\/\/fridmanlaw.net\/es\/wp-json\/wp\/v2\/pages"}],"about":[{"href":"https:\/\/fridmanlaw.net\/es\/wp-json\/wp\/v2\/types\/page"}],"author":[{"embeddable":true,"href":"https:\/\/fridmanlaw.net\/es\/wp-json\/wp\/v2\/users\/1"}],"replies":[{"embeddable":true,"href":"https:\/\/fridmanlaw.net\/es\/wp-json\/wp\/v2\/comments?post=315"}],"version-history":[{"count":24,"href":"https:\/\/fridmanlaw.net\/es\/wp-json\/wp\/v2\/pages\/315\/revisions"}],"predecessor-version":[{"id":562,"href":"https:\/\/fridmanlaw.net\/es\/wp-json\/wp\/v2\/pages\/315\/revisions\/562"}],"wp:featuredmedia":[{"embeddable":true,"href":"https:\/\/fridmanlaw.net\/es\/wp-json\/wp\/v2\/media\/169"}],"wp:attachment":[{"href":"https:\/\/fridmanlaw.net\/es\/wp-json\/wp\/v2\/media?parent=315"}],"curies":[{"name":"wp","href":"https:\/\/api.w.org\/{rel}","templated":true}]}}